{"id":546,"date":"2016-01-28T11:08:29","date_gmt":"2016-01-28T10:08:29","guid":{"rendered":"http:\/\/213.238.59.31\/?page_id=546"},"modified":"2016-01-29T11:08:56","modified_gmt":"2016-01-29T10:08:56","slug":"satzung","status":"publish","type":"page","link":"https:\/\/von.Borcke.com\/?page_id=546","title":{"rendered":"Satzung"},"content":{"rendered":"<p class=\"western\" align=\"center\"><span style=\"font-family: Arial, sans-serif;\"><span style=\"font-size: medium;\">Der Familientag des Familienverbandes v.Borcke e.V. hat in seiner Sitzung am 27. April 1996 eine den sozialen und wirtschaftlichen Gegebenheiten der Gegenwart angepasste Neufassung seiner Satzung einstimmig beschlossen.<\/span><\/span><\/p>\n<p class=\"western\" align=\"center\"><span style=\"font-family: Arial, sans-serif;\"><span style=\"font-size: medium;\">Die neue Satzung wurde dem Amtsgericht Iserlohn zur Eintragung in das Vereinsregister \u00fcberreicht. Die Eintragung ist am 21.11.1996 erfolgt.<\/span><\/span><\/p>\n<p class=\"western\" align=\"center\"><span style=\"font-family: Arial, sans-serif;\"><span style=\"font-size: medium;\">Die Satzung wird allen Mitgliedern des Familienverbandes \u00fcbersandt. Auch Nichtmitglieder erhalten sie, damit sie sich \u00fcber die Ziele des Familienverbandes und eine m\u00f6gliche Mitgliedschaft informieren k\u00f6nnen.<\/span><\/span><\/p>\n<p class=\"western\" align=\"right\"><span style=\"font-family: Arial, sans-serif;\"><span style=\"font-size: medium;\"><b>Der Vorsitzende: <\/b><\/span><\/span><span style=\"font-family: Arial, sans-serif;\"><span style=\"font-size: medium;\">Dr. Wulf-Dietrich von Borcke<\/span><\/span><\/p>\n<p class=\"western\" align=\"right\"><span style=\"font-family: Arial, sans-serif;\"><span style=\"font-size: medium;\">Iserlohn, im Januar 1997<\/span><\/span><\/p>\n<p class=\"western\" align=\"center\"><span style=\"font-family: Arial, sans-serif;\"><span style=\"font-size: x-large;\"><b>Satzung<\/b><\/span><\/span><\/p>\n<p class=\"western\" align=\"center\"><span style=\"font-family: Arial, sans-serif;\"><span style=\"font-size: large;\"><b>des Familienverbandes von Borcke e.V.<\/b><\/span><\/span><\/p>\n<p class=\"western\" align=\"center\"><span style=\"font-family: Arial, sans-serif;\"><span style=\"font-size: medium;\">( Stand: 27. April 1996 )<\/span><\/span><\/p>\n<p class=\"western\" align=\"justify\"><span style=\"font-family: Arial, sans-serif;\"><span style=\"font-size: medium;\"><u><b>Pr\u00e4ambel<\/b><\/u><\/span><\/span><\/p>\n<p class=\"western\" align=\"justify\"><span style=\"font-family: Arial, sans-serif;\"><span style=\"font-size: medium;\">Angeh\u00f6rige der Familie von Borcke haben auf dem Familientag am 06. Februar 1929 in Labes (Pommern) beschlossen, dem 1877 gegr\u00fcndeten Familienverband eine Sat\u00adzung zu geben und diese in das Vereinsregister eintragen zu lassen. Die Satzung wurde im Jahre 1959 ge\u00e4ndert.<\/span><\/span><\/p>\n<p class=\"western\" align=\"justify\"><span style=\"font-family: Arial, sans-serif;\"><span style=\"font-size: medium;\">In Anpassung an die ver\u00e4nderten Zeitumst\u00e4nde wird die Satzung neu gefasst. Mit ihrem Inkrafttreten verliert die bisherige Satzung ihre G\u00fcltigkeit.<\/span><\/span><\/p>\n<p class=\"western\" align=\"justify\"><span style=\"font-family: Arial, sans-serif;\"><span style=\"font-size: medium;\"><u><b>\u00a71 Name und Sitz:<\/b><\/u><\/span><\/span><\/p>\n<p class=\"western\" align=\"justify\"><span style=\"font-family: Arial, sans-serif;\"><span style=\"font-size: medium;\">Der Verein f\u00fchrt den Namen &#8222;Familienverband von Borcke e.V.&#8220;. Er hat seinen Sitz in Iserlohn und ist im Vereinsregister eingetragen.<\/span><\/span><\/p>\n<p class=\"western\" align=\"justify\"><span style=\"font-family: Arial, sans-serif;\"><span style=\"font-size: medium;\"><u><b>\u00a72 Ziele des Vereins:<\/b><\/u><\/span><\/span><\/p>\n<p class=\"western\" align=\"justify\"><span style=\"font-family: Arial, sans-serif;\"><span style=\"font-size: medium;\">Der Familienverband will im Bewusstsein der mehr als achthundert Jahre zur\u00fcck\u00adreichenden Vergangenheit der Familie von Borcke:<\/span><\/span><\/p>\n<p class=\"western\" style=\"padding-left: 30px;\" align=\"justify\"><span style=\"font-family: Arial, sans-serif;\"><span style=\"font-size: medium;\"> a) <\/span><\/span><span style=\"font-family: Arial, sans-serif;\"><span style=\"font-size: medium;\">D<\/span><\/span><span style=\"font-family: Arial, sans-serif;\"><span style=\"font-size: medium;\">as Gef\u00fchl der Zusammengeh\u00f6rigkeit und das Andenken an Pommern, das Ursprungsland der Familie, pflegen;<\/span><\/span><\/p>\n<p class=\"western\" style=\"padding-left: 30px;\" align=\"justify\"><span style=\"font-family: Arial, sans-serif;\"><span style=\"font-size: medium;\"> b) Die gemeinsamen Belange der Familie vertreten;<\/span><\/span><\/p>\n<p class=\"western\" style=\"padding-left: 30px;\" align=\"justify\"><span style=\"font-family: Arial, sans-serif;\"><span style=\"font-size: medium;\"> c<\/span><\/span><span style=\"font-family: Arial, sans-serif;\"><span style=\"font-size: medium;\">) Ei<\/span><\/span><span style=\"font-family: Arial, sans-serif;\"><span style=\"font-size: medium;\">n Verzeichnis aller Namenstr\u00e4ger f\u00fchren und die Ver\u00f6ffentlichung desselben in<\/span><\/span> <span style=\"font-family: Arial, sans-serif;\"><span style=\"font-size: medium;\">den Genealogischen Handb\u00fcchern des Adels veranlassen;<\/span><\/span><\/p>\n<p class=\"western\" style=\"padding-left: 30px;\" align=\"justify\"><span style=\"font-family: Arial, sans-serif;\"><span style=\"font-size: medium;\"> d) Die F\u00fchrung des Namens von Borcke \u00fcberwachen;<\/span><\/span><\/p>\n<p class=\"western\" style=\"padding-left: 30px;\" align=\"justify\"><span style=\"font-family: Arial, sans-serif;\"><span style=\"font-size: medium;\"> e) Familienstiftungen und Verm\u00f6gensgegenst\u00e4nde entgegennehmen, verwalten und f\u00f6rdern;<\/span><\/span><\/p>\n<p class=\"western\" style=\"padding-left: 30px;\" align=\"justify\"><span style=\"font-family: Arial, sans-serif;\"><span style=\"font-size: medium;\"> f) <\/span><\/span><span style=\"font-family: Arial, sans-serif;\"><span style=\"font-size: medium;\">F<\/span><\/span><span style=\"font-family: Arial, sans-serif;\"><span style=\"font-size: medium;\">amiliengeschichtlich wichtige Urkunden, Andenken, Erinnerungen und Nachrich\u00adten sammeln, aufzeichnen, verwahren und ver\u00f6ffentlichen;<\/span><\/span><\/p>\n<p class=\"western\" style=\"padding-left: 30px;\" align=\"justify\"><span style=\"font-family: Arial, sans-serif;\"><span style=\"font-size: medium;\"> g) Zweckverwandte kulturelle und soziale Einrichtungen ideell und materiell f\u00f6r\u00addern.<\/span><\/span><\/p>\n<p class=\"western\" align=\"justify\"><span style=\"font-family: Arial, sans-serif;\"><span style=\"font-size: medium;\"><u><b>\u00a73 Gesch\u00e4ftsjahr:<\/b><\/u><\/span><\/span><\/p>\n<p class=\"western\" align=\"justify\"><span style=\"font-family: Arial, sans-serif;\"><span style=\"font-size: medium;\">Das Gesch\u00e4ftsjahr ist das Kalenderjahr.<\/span><\/span><\/p>\n<p class=\"western\" align=\"justify\"><span style=\"font-family: Arial, sans-serif;\"><span style=\"font-size: medium;\"><u><b>\u00a74 Mitglieder des Familienverbandes:<\/b><\/u><\/span><\/span><\/p>\n<p class=\"western\" align=\"justify\"><span style=\"font-family: Arial, sans-serif;\"><span style=\"font-size: medium;\"> 1 . Mitglied werden k\u00f6nnen Personen, die das 18. Lebensjahr vollendet haben und von Geburt oder durch Adoption den Namen von Borcke tragen bzw. getragen haben, und deren Ehepartner.<\/span><\/span><\/p>\n<p class=\"western\" align=\"justify\"><span style=\"font-family: Arial, sans-serif;\"><span style=\"font-size: medium;\"> 2. Die Mitgliedschaft wird schriftlich beantragt. \u00dcber die Aufnahme entscheidet der Familienrat. Gegen die Ablehnung durch den Familienrat kann Widerspruch zu H\u00e4nden des Vorsitzenden innerhalb von vier Wochen, ab Zustellung des Ablehnungsschreibens erhoben werden. \u00dcber den Widerspruch entscheidet der Familientag mit Stimmenmehrheit.<\/span><\/span><\/p>\n<p class=\"western\" align=\"justify\"><span style=\"font-family: Arial, sans-serif;\"><span style=\"font-size: medium;\"> 3. Die Mitgliedschaft erlischt:<\/span><\/span><\/p>\n<p class=\"western\" style=\"padding-left: 30px;\" align=\"justify\"><span style=\"font-family: Arial, sans-serif;\"><span style=\"font-size: medium;\"> a) durch Tod<\/span><\/span><\/p>\n<p class=\"western\" style=\"padding-left: 30px;\" align=\"justify\"><span style=\"font-family: Arial, sans-serif;\"><span style=\"font-size: medium;\"> b) durch Ehescheidung f\u00fcr das Mitglied, das den Namen von Borcke durch Ehe\u00adschlie\u00dfung erhalten hat;<\/span><\/span><\/p>\n<p class=\"western\" style=\"padding-left: 30px;\" align=\"justify\"><span style=\"font-family: Arial, sans-serif;\"><span style=\"font-size: medium;\"> c) durch schriftliche Austrittserkl\u00e4rung gegen\u00fcber dem Vorsitzenden zum Ende eines Kalenderjahres;<\/span><\/span><\/p>\n<p class=\"western\" style=\"padding-left: 30px;\" align=\"justify\"><span style=\"font-family: Arial, sans-serif;\"><span style=\"font-size: medium;\"> d) durch Ausschluss aus dem Familienverband wegen grober Verst\u00f6\u00dfe gegen die Satzung, unehrenhaften Verhaltens oder wegen Sch\u00e4digung des Familiennamens.<\/span><\/span><\/p>\n<p class=\"western\" align=\"justify\"><span style=\"font-family: Arial, sans-serif;\"><span style=\"font-size: medium;\"> 4. Der Ausschluss aus dem Familienverband erfolgt, nachdem dem Mitglied Gelegenheit zur Rechtfertigung gegeben worden ist, durch Beschluss des Familienrates. Der Beschluss des Familienrates mit Begr\u00fcndung ist dem Mitglied schriftlich zu \u00fcbermitteln. Dagegen kann innerhalb von vier Wochen, ab Zustellung des Schreibens, Widerspruch erhoben werden. \u00dcber den Widerspruch entscheidet der Familientag mit Stimmenmehrheit.<\/span><\/span><\/p>\n<p class=\"western\" align=\"justify\"><span style=\"font-family: Arial, sans-serif;\"><span style=\"font-size: medium;\"><u><b>\u00a75 Rechte und Pflichten der Mitglieder:<\/b><\/u><\/span><\/span><\/p>\n<p class=\"western\" align=\"justify\"><span style=\"font-family: Arial, sans-serif;\"><span style=\"font-size: medium;\"> 1) Jedes Mitglied hat das Recht:<\/span><\/span><\/p>\n<p class=\"western\" style=\"padding-left: 30px;\" align=\"justify\"><span style=\"font-family: Arial, sans-serif;\"><span style=\"font-size: medium;\"> a) auf Sitz und Stimme beim Familientag (eine Stellvertretung ist nicht m\u00f6glich)<\/span><\/span><\/p>\n<p class=\"western\" style=\"padding-left: 30px;\" align=\"justify\"><span style=\"font-family: Arial, sans-serif;\"><span style=\"font-size: medium;\"> b) auf Erteilung von Ausk\u00fcnften \u00fcber die Familie betreffende Urkunden, Andenken, Erinnerungen und Nachrichten gegen Erstattung evtl. anfallender Kosten;<\/span><\/span><\/p>\n<p class=\"western\" style=\"padding-left: 30px;\" align=\"justify\"><span style=\"font-family: Arial, sans-serif;\"><span style=\"font-size: medium;\"> c) Erhalt der Mitteilungen und weiterer Ver\u00f6ffentlichungen des Familienverbandes<\/span><\/span><\/p>\n<p class=\"western\" align=\"justify\"><span style=\"font-family: Arial, sans-serif;\"><span style=\"font-size: medium;\"> 2. Jedes Mitglied hat die Pflicht:<\/span><\/span><\/p>\n<p class=\"western\" style=\"padding-left: 30px;\" align=\"justify\"><span style=\"font-family: Arial, sans-serif;\"><span style=\"font-size: medium;\"> a) zur Entrichtung eines Mitgliedsbeitrages, der vom Familientag festgelegt wird und auf Antrag gestundet oder erlassen werden kann;<\/span><\/span><\/p>\n<p class=\"western\" style=\"padding-left: 30px;\" align=\"justify\"><span style=\"font-family: Arial, sans-serif;\"><span style=\"font-size: medium;\"> b) zur Benachrichtigung des Vorsitzenden \u00fcber alle Familienstands\u00e4nderungen (Geburten, Todesf\u00e4lle, Heiraten usw.) sowie \u00fcber Ver\u00e4nderungen der Anschriften.<\/span><\/span><\/p>\n<p class=\"western\" align=\"justify\"><span style=\"font-family: Arial, sans-serif;\"><span style=\"font-size: medium;\"><u><b>\u00a76 Organe des Familienverbandes:<\/b><\/u><\/span><\/span><\/p>\n<p class=\"western\" align=\"justify\"><span style=\"font-family: Arial, sans-serif;\"><span style=\"font-size: medium;\">Organe des Familienverbandes sind:<\/span><\/span><\/p>\n<p class=\"western\" style=\"padding-left: 30px;\" align=\"justify\"><span style=\"font-family: Arial, sans-serif;\"><span style=\"font-size: medium;\">a) der Familienrat als Vorstand;<\/span><\/span><\/p>\n<p class=\"western\" style=\"padding-left: 30px;\" align=\"justify\"><span style=\"font-family: Arial, sans-serif;\"><span style=\"font-size: medium;\">b) der Familientag als Mitgliederversammlung.<\/span><\/span><\/p>\n<p class=\"western\" align=\"justify\"><span style=\"font-family: Arial, sans-serif;\"><span style=\"font-size: medium;\"><u><b>\u00a7 7 Der Familienrat:<\/b><\/u><\/span><\/span><\/p>\n<p class=\"western\" align=\"justify\"><span style=\"font-family: Arial, sans-serif;\"><span style=\"font-size: medium;\"> 1 . Der Familienrat besteht aus dem Vorsitzenden, seinem Stellvertreter und dem Schatzmeister. Der Vorsitzende und ein weiteres Mitglied des Familienrates m\u00fcssen von Geburt den Namen von Borcke tragen.<\/span><\/span><\/p>\n<p class=\"western\" align=\"justify\"><span style=\"font-family: Arial, sans-serif;\"><span style=\"font-size: medium;\"> 2. Der Familienrat wird vom Familientag mit einfacher Stimmenmehrheit f\u00fcr die Dauer von vier Jahren gew\u00e4hlt. Wird nach Ablauf der vier Jahre nicht beim Vor\u00adsitzenden die Wahl eines neuen Familienrates beantragt, so gilt der bisherige Familienrat ohne besondere Wiederwahl auf weitere vier Jahre als wieder gew\u00e4hlt.<\/span><\/span><\/p>\n<p class=\"western\" align=\"justify\"><span style=\"font-family: Arial, sans-serif;\"><span style=\"font-size: medium;\"> 3. Die T\u00e4tigkeit des Familienrates ist ehrenamtlich. Nachgewiesene Kosten werden ersetzt.<\/span><\/span><\/p>\n<p class=\"western\" align=\"justify\"><span style=\"font-family: Arial, sans-serif;\"><span style=\"font-size: medium;\"> 4. Der Familienrat tritt nach Bedarf auf Einladung des Vorsitzenden oder auf Antrag eines Familienratsmitgliedes zusammen. \u00dcber die Beschl\u00fcsse ist ein Pro\u00adtokoll zu f\u00fchren.<\/span><\/span><\/p>\n<p class=\"western\" align=\"justify\"><span style=\"font-family: Arial, sans-serif;\"><span style=\"font-size: medium;\"> 5. Gerichtlich und au\u00dfergerichtlich wird der Familienverband durch ein Famili\u00adenratsmitglied vertreten.<\/span><\/span><\/p>\n<p class=\"western\" align=\"justify\"><span style=\"font-family: Arial, sans-serif;\"><span style=\"font-size: medium;\"> 6. Rein intern gilt, dass prinzipiell der Vorsitzende die Verbandsangelegenheiten wahrnimmt. Er beruft und leitet die Sitzungen des Familienrats und die Mitgliederversammlungen (Familientage), sorgt f\u00fcr die Durchf\u00fchrung der von diesen Organen<\/span><\/span><\/p>\n<p class=\"western\" align=\"justify\"><span style=\"font-family: Arial, sans-serif;\"><span style=\"font-size: medium;\">gefassten Beschl\u00fcsse und erstattet dem Familientag Bericht \u00fcber seine T\u00e4tigkeit. Nur bei Verhinderung oder Ausscheiden des Vorsitzenden aus dem Familienverband nimmt ein anderes Familienratsmitglied dessen Aufgaben wahr.<\/span><\/span><\/p>\n<p class=\"western\" align=\"justify\"><span style=\"font-family: Arial, sans-serif;\"><span style=\"font-size: medium;\"> 7. Der Schatzmeister verwaltet in Abstimmung mit den \u00fcbrigen Familienratsmitgliedern das Verm\u00f6gen des Familienverbandes und der Familienstiftungen sowie Verm\u00f6gensgegenst\u00e4nde. Er sammelt die Mitgliedsbeitr\u00e4ge und Spenden und bucht die Ausgaben des Verbandes. \u00dcber Einnahmen und Ausgaben berichtet er an den Familientag.<\/span><\/span><\/p>\n<p class=\"western\" align=\"justify\"><span style=\"font-family: Arial, sans-serif;\"><span style=\"font-size: medium;\"> 8. Der Familienrat sorgt durch die Wahl eines Schriftf\u00fchrers und Archivars aus seinen Reihen f\u00fcr die Bearbeitung des laufenden Schriftverkehrs, die F\u00fchrung und Aktualisierung eines Verzeichnisses aller Namenstr\u00e4ger sowie f\u00fcr die Samm\u00adlung, Erhaltung und Ver\u00f6ffentlichung familiengeschichtlich wichtiger Urkunden, Andenken und Erinnerungen.<\/span><\/span><\/p>\n<p class=\"western\" align=\"justify\"><span style=\"font-family: Arial, sans-serif;\"><span style=\"font-size: medium;\"> 9. Der Familienrat stellt die Tagesordnung f\u00fcr die Familientage auf.<\/span><\/span><\/p>\n<p class=\"western\" align=\"justify\"><span style=\"font-family: Arial, sans-serif;\"><span style=\"font-size: medium;\"><u><b>\u00a7 8 Der Familientag:<\/b><\/u><\/span><\/span><\/p>\n<p class=\"western\" align=\"justify\"><span style=\"font-family: Arial, sans-serif;\"><span style=\"font-size: medium;\"> 1. Der Familientag wird vom Vorsitzenden mit einer Frist von sechs Wochen schriftlich alle zwei Jahre oder bei Bedarf mit Bekanntgabe der Tagesordnung berufen.<\/span><\/span><\/p>\n<p class=\"western\" align=\"justify\"><span style=\"font-family: Arial, sans-serif;\"><span style=\"font-size: medium;\"> 2. Dem Familientag obliegt:<\/span><\/span><\/p>\n<p class=\"western\" style=\"padding-left: 30px;\" align=\"justify\"><span style=\"font-family: Arial, sans-serif;\"><span style=\"font-size: medium;\"> a) die Wahl des Vorsitzenden, seines Stellvertreters und des Schatzmeisters (Familienrat);<\/span><\/span><\/p>\n<p class=\"western\" style=\"padding-left: 30px;\" align=\"justify\"><span style=\"font-family: Arial, sans-serif;\"><span style=\"font-size: medium;\"> b) die Wahl von zwei Gesch\u00e4fts- und Kassenpr\u00fcfern;<\/span><\/span><\/p>\n<p class=\"western\" style=\"padding-left: 30px;\" align=\"justify\"><span style=\"font-family: Arial, sans-serif;\"><span style=\"font-size: medium;\"> c) die Entgegennahme des T\u00e4tigkeitsberichtes des Familienrates;<\/span><\/span><\/p>\n<p class=\"western\" style=\"padding-left: 30px;\" align=\"justify\"><span style=\"font-family: Arial, sans-serif;\"><span style=\"font-size: medium;\"> d) die Entgegennahme des Berichts der Kassenpr\u00fcfer;<\/span><\/span><\/p>\n<p class=\"western\" style=\"padding-left: 30px;\" align=\"justify\"><span style=\"font-family: Arial, sans-serif;\"><span style=\"font-size: medium;\"> e) die Entlastung des Familienrats;<\/span><\/span><\/p>\n<p class=\"western\" style=\"padding-left: 30px;\" align=\"justify\"><span style=\"font-family: Arial, sans-serif;\"><span style=\"font-size: medium;\"> f) die Festlegung der Jahresbeitr\u00e4ge;<\/span><\/span><\/p>\n<p class=\"western\" style=\"padding-left: 30px;\" align=\"justify\"><span style=\"font-family: Arial, sans-serif;\"><span style=\"font-size: medium;\"> g) die Festlegung des Tagungsortes f\u00fcr die Familientage; <\/span><\/span><\/p>\n<p class=\"western\" style=\"padding-left: 30px;\" align=\"justify\"><span style=\"font-family: Arial, sans-serif;\"><span style=\"font-size: medium;\"> h) die \u00c4nderung der Satzung;<\/span><\/span><\/p>\n<p class=\"western\" style=\"padding-left: 30px;\" align=\"justify\"><span style=\"font-family: Arial, sans-serif;\"><span style=\"font-size: medium;\"> i) die Aufl\u00f6sung des Familienverbandes.<\/span><\/span><\/p>\n<p class=\"western\" align=\"justify\"><span style=\"font-family: Arial, sans-serif;\"><span style=\"font-size: medium;\"> 3. Au\u00dferordentliche Familientage sind zu berufen, wenn es der Familienrat f\u00fcr erforderlich h\u00e4lt oder wenn ein Drittel der Mitglieder es unter Angabe des Grundes verlangt.<\/span><\/span><\/p>\n<p class=\"western\" align=\"justify\"><span style=\"font-family: Arial, sans-serif;\"><span style=\"font-size: medium;\"> 4. Antr\u00e4ge von Mitgliedern f\u00fcr die Tagesordnung des Familientages m\u00fcssen min\u00addestens drei Wochen vorher beim Vorsitzenden eingegangen sein.<\/span><\/span><\/p>\n<p class=\"western\" align=\"justify\"><span style=\"font-family: Arial, sans-serif;\"><span style=\"font-size: medium;\"> 5. Der Familientag fasst seine Beschl\u00fcsse mit Stimmenmehrheit. Bei Satzungs\u00e4nderungen und Aufl\u00f6sung des Familienverbandes ist 3\/4 Stimmenmehrheit erforderlich<\/span><\/span><\/p>\n<p class=\"western\" align=\"justify\"><span style=\"font-family: Arial, sans-serif;\"><span style=\"font-size: medium;\"> 6. \u00dcber den Verlauf der Sitzung des Familientages fertigt der Schriftf\u00fchrer ein Protokoll, das beim n\u00e4chsten Familientag zu verlesen ist.<\/span><\/span><\/p>\n<p class=\"western\" align=\"justify\"><span style=\"font-family: Arial, sans-serif;\"><span style=\"font-size: medium;\"><u><b>\u00a79 Aufl\u00f6sung des Familienverbandes:<\/b><\/u><\/span><\/span><\/p>\n<p class=\"western\" align=\"justify\"><span style=\"font-family: Arial, sans-serif;\"><span style=\"font-size: medium;\">Nach dem Beschluss des Familientages \u00fcber die Aufl\u00f6sung des Familienverbandes findet eine Liquidation durch zwei Liquidatoren statt. Die Liquidatoren werden durch den Familientag gew\u00e4hlt und sind gemeinsam vertretungsberechtigt. Das Vereinsverm\u00f6gen ist im Falle der Aufl\u00f6sung des Familienverbandes einem \u00e4hnli\u00adchen Zweck zuzuf\u00fchren.<\/span><\/span><\/p>\n","protected":false},"excerpt":{"rendered":"<p>Der Familientag des Familienverbandes v.Borcke e.V. hat in seiner Sitzung am 27. April 1996 eine den sozialen und wirtschaftlichen Gegebenheiten der Gegenwart angepasste Neufassung seiner Satzung einstimmig beschlossen. Die neue Satzung wurde dem Amtsgericht Iserlohn zur Eintragung in das Vereinsregister \u00fcberreicht. Die Eintragung ist am 21.11.1996 erfolgt. Die Satzung wird allen Mitgliedern des Familienverbandes \u00fcbersandt. [&hellip;]<\/p>\n","protected":false},"author":2,"featured_media":0,"parent":542,"menu_order":7,"comment_status":"closed","ping_status":"closed","template":"","meta":{"ngg_post_thumbnail":0,"footnotes":""},"class_list":["post-546","page","type-page","status-publish","hentry"],"_links":{"self":[{"href":"https:\/\/von.Borcke.com\/index.php?rest_route=\/wp\/v2\/pages\/546","targetHints":{"allow":["GET"]}}],"collection":[{"href":"https:\/\/von.Borcke.com\/index.php?rest_route=\/wp\/v2\/pages"}],"about":[{"href":"https:\/\/von.Borcke.com\/index.php?rest_route=\/wp\/v2\/types\/page"}],"author":[{"embeddable":true,"href":"https:\/\/von.Borcke.com\/index.php?rest_route=\/wp\/v2\/users\/2"}],"replies":[{"embeddable":true,"href":"https:\/\/von.Borcke.com\/index.php?rest_route=%2Fwp%2Fv2%2Fcomments&post=546"}],"version-history":[{"count":1,"href":"https:\/\/von.Borcke.com\/index.php?rest_route=\/wp\/v2\/pages\/546\/revisions"}],"predecessor-version":[{"id":548,"href":"https:\/\/von.Borcke.com\/index.php?rest_route=\/wp\/v2\/pages\/546\/revisions\/548"}],"up":[{"embeddable":true,"href":"https:\/\/von.Borcke.com\/index.php?rest_route=\/wp\/v2\/pages\/542"}],"wp:attachment":[{"href":"https:\/\/von.Borcke.com\/index.php?rest_route=%2Fwp%2Fv2%2Fmedia&parent=546"}],"curies":[{"name":"wp","href":"https:\/\/api.w.org\/{rel}","templated":true}]}}